{"id":256,"date":"2018-08-07T10:50:48","date_gmt":"2018-08-07T08:50:48","guid":{"rendered":"https:\/\/wp.uni-koblenz.de\/elideutsch\/?page_id=256"},"modified":"2023-09-04T10:02:01","modified_gmt":"2023-09-04T08:02:01","slug":"naturrisiken","status":"publish","type":"page","link":"https:\/\/elideutsch.nuw.rptu.de\/?page_id=256","title":{"rendered":"Naturrisiken"},"content":{"rendered":"<style>\/*! elementor - v3.15.0 - 20-08-2023 *\/<br \/>\n.elementor-widget-image{text-align:center}.elementor-widget-image a{display:inline-block}.elementor-widget-image a img[src$=\".svg\"]{width:48px}.elementor-widget-image img{vertical-align:middle;display:inline-block}<\/style>\n<p>\t\t\t\t\t\t\t\t\t\t\t\t\t<a href=\"https:\/\/elideutsch.nuw.rptu.de\/wp-content\/uploads\/2018\/08\/ELI_001_Foto_01-1.jpg\" data-elementor-open-lightbox=\"no\"><br \/>\n\t\t\t\t\t\t\t<img decoding=\"async\" width=\"150\" height=\"150\" src=\"https:\/\/elideutsch.nuw.rptu.de\/wp-content\/uploads\/2018\/08\/ELI_001_Foto_01-1-150x150.jpg\" alt=\"\" loading=\"lazy\" srcset=\"https:\/\/elideutsch.nuw.rptu.de\/wp-content\/uploads\/2018\/08\/ELI_001_Foto_01-1-150x150.jpg 150w, https:\/\/elideutsch.nuw.rptu.de\/wp-content\/uploads\/2018\/08\/ELI_001_Foto_01-1-100x100.jpg 100w\" sizes=\"auto, (max-width: 150px) 100vw, 150px\" \/>\t\t\t\t\t\t\t\t<\/a><\/p>\n<p>\n\n\n<\/p>\n<p>\n\n\n<\/p>\n<p><strong>Erdbeben &#8211; st\u00fcrzt unser Haus ein?<\/strong><br \/>Versuch zur Standfestigkeit von Geb\u00e4uden. Wie verhalten sich Geb\u00e4ude mit verschiedenen Fundamenten im Erdbebenfall.<\/p>\n<p><a href=\"https:\/\/elideutsch.nuw.rptu.de\/wp-content\/uploads\/2018\/12\/001-eli-erdbeben-stuerzt-unser-haus-ein-1.pdf\" target=\"_blank\" rel=\"noopener noreferrer\"><strong>PDF der Idee<\/strong><\/a><\/p>\n<p><!-- \/wp:post-content --><\/p>\n<p>\t\t\t\t\t\t\t\t\t\t\t\t\t\t\t\t<a href=\"https:\/\/elideutsch.nuw.rptu.de\/wp-content\/uploads\/2018\/12\/ELI_002_Foto_01-1.jpg\" data-elementor-open-lightbox=\"no\"><br \/>\n\t\t\t\t\t\t\t<img decoding=\"async\" width=\"150\" height=\"150\" src=\"https:\/\/elideutsch.nuw.rptu.de\/wp-content\/uploads\/2018\/12\/ELI_002_Foto_01-1-150x150.jpg\" alt=\"\" loading=\"lazy\" srcset=\"https:\/\/elideutsch.nuw.rptu.de\/wp-content\/uploads\/2018\/12\/ELI_002_Foto_01-1-150x150.jpg 150w, https:\/\/elideutsch.nuw.rptu.de\/wp-content\/uploads\/2018\/12\/ELI_002_Foto_01-1-100x100.jpg 100w\" sizes=\"auto, (max-width: 150px) 100vw, 150px\" \/>\t\t\t\t\t\t\t\t<\/a><\/p>\n<p><!-- wp:separator --><\/p>\n<p><!-- \/wp:separator --><\/p>\n<p><strong>Wann wird er ausbrechen? &#8211; Eruptionen vorhersagen<\/strong><br \/>Wie ein einfacher Neigungsmesser die Aufw\u00f6lbung eines Vulkans vor der Eruption anzeigen kann.<\/p>\n<p><a href=\"https:\/\/elideutsch.nuw.rptu.de\/wp-content\/uploads\/2018\/12\/002-eli-wann-wird-er-ausbrechen-1.pdf\" target=\"_blank\" rel=\"noopener noreferrer\"><strong>PDF der Idee<\/strong><\/a><\/p>\n<p><!-- \/wp:uagb\/container --><\/p>\n<p>\t\t\t\t\t\t\t\t\t\t\t\t\t\t\t\t<a href=\"https:\/\/elideutsch.nuw.rptu.de\/wp-content\/uploads\/2021\/03\/ELI_003_Foto_01-1.jpg\" data-elementor-open-lightbox=\"no\"><br \/>\n\t\t\t\t\t\t\t<img decoding=\"async\" width=\"150\" height=\"150\" src=\"https:\/\/elideutsch.nuw.rptu.de\/wp-content\/uploads\/2021\/03\/ELI_003_Foto_01-1-150x150.jpg\" alt=\"\" loading=\"lazy\" srcset=\"https:\/\/elideutsch.nuw.rptu.de\/wp-content\/uploads\/2021\/03\/ELI_003_Foto_01-1-150x150.jpg 150w, https:\/\/elideutsch.nuw.rptu.de\/wp-content\/uploads\/2021\/03\/ELI_003_Foto_01-1-100x100.jpg 100w\" sizes=\"auto, (max-width: 150px) 100vw, 150px\" \/>\t\t\t\t\t\t\t\t<\/a><\/p>\n<p><!-- wp:separator --><\/p>\n<p><!-- \/wp:separator --><\/p>\n<p><strong>Tsunami vor dem Fenster &#8211; was w\u00fcrde man sehen, was w\u00fcrde man f\u00fchlen?<\/strong><br \/>Die Sch\u00fcler sollen sich vorstellen, wei ein Tsunami vor dem Fenster wohl aussehen w\u00fcrde<\/p>\n<p><a href=\"https:\/\/elideutsch.nuw.rptu.de\/wp-content\/uploads\/2021\/03\/003-eli-Tsunami-vor-dem-fenster-1.pdf\" target=\"_blank\" rel=\"noopener noreferrer\"><strong>PDF der Idee<\/strong><\/a><\/p>\n<p><!-- \/wp:uagb\/container --><\/p>\n<p>\t\t\t\t\t\t\t\t\t\t\t\t\t\t\t\t<a href=\"https:\/\/elideutsch.nuw.rptu.de\/wp-content\/uploads\/2019\/03\/ELI_024_Foto_02-1.jpg\" data-elementor-open-lightbox=\"no\"><br \/>\n\t\t\t\t\t\t\t<img decoding=\"async\" width=\"150\" height=\"150\" src=\"https:\/\/elideutsch.nuw.rptu.de\/wp-content\/uploads\/2019\/03\/ELI_024_Foto_02-1-150x150.jpg\" alt=\"\" loading=\"lazy\" srcset=\"https:\/\/elideutsch.nuw.rptu.de\/wp-content\/uploads\/2019\/03\/ELI_024_Foto_02-1-150x150.jpg 150w, https:\/\/elideutsch.nuw.rptu.de\/wp-content\/uploads\/2019\/03\/ELI_024_Foto_02-1-100x100.jpg 100w\" sizes=\"auto, (max-width: 150px) 100vw, 150px\" \/>\t\t\t\t\t\t\t\t<\/a><\/p>\n<p><!-- wp:separator --><\/p>\n<p><!-- \/wp:separator --><\/p>\n<p><strong>Erdbebenvorhersage &#8211; Wann wird die Erde beben?<\/strong><br \/>Modellierung der Entstehung von Spannungen und deren pl\u00f6tzlichen Entladungen in der Erde, was Erdbeben verursacht?<\/p>\n<p><a href=\"https:\/\/elideutsch.nuw.rptu.de\/wp-content\/uploads\/2019\/03\/024-eli-Erdbebenvorhersage-1.pdf\" target=\"_blank\" rel=\"noopener noreferrer\"><strong>PDF der Idee<\/strong><\/a><\/p>\n<p><!-- \/wp:uagb\/container --><\/p>\n<p>\t\t\t\t\t\t\t\t\t\t\t\t\t\t\t\t<a href=\"https:\/\/elideutsch.nuw.rptu.de\/wp-content\/uploads\/2020\/10\/ELI_023_Foto_01-1.jpg\" data-elementor-open-lightbox=\"no\"><br \/>\n\t\t\t\t\t\t\t<img decoding=\"async\" width=\"150\" height=\"150\" src=\"https:\/\/elideutsch.nuw.rptu.de\/wp-content\/uploads\/2020\/10\/ELI_023_Foto_01-1-150x150.jpg\" alt=\"\" loading=\"lazy\" srcset=\"https:\/\/elideutsch.nuw.rptu.de\/wp-content\/uploads\/2020\/10\/ELI_023_Foto_01-1-150x150.jpg 150w, https:\/\/elideutsch.nuw.rptu.de\/wp-content\/uploads\/2020\/10\/ELI_023_Foto_01-1-100x100.jpg 100w\" sizes=\"auto, (max-width: 150px) 100vw, 150px\" \/>\t\t\t\t\t\t\t\t<\/a><\/p>\n<p><!-- wp:separator --><\/p>\n<p><!-- \/wp:separator --><\/p>\n<p><strong>Tsunami<\/strong><br \/>Was beeinflusst die Geschwindigkeit einer Tsunamiwelle?<\/p>\n<p><a href=\"https:\/\/elideutsch.nuw.rptu.de\/wp-content\/uploads\/2020\/10\/023-eli-Tsunami-1-1.pdf\" target=\"_blank\" rel=\"noopener noreferrer\"><strong>PDF der Idee<\/strong><\/a><\/p>\n<p><!-- \/wp:uagb\/container --><\/p>\n<p>\t\t\t\t\t\t\t\t\t\t\t\t\t\t\t\t<a href=\"https:\/\/elideutsch.nuw.rptu.de\/wp-content\/uploads\/2019\/06\/ELI_050_Foto_02-1-scaled.jpg\" data-elementor-open-lightbox=\"no\"><br \/>\n\t\t\t\t\t\t\t<img decoding=\"async\" width=\"150\" height=\"150\" src=\"https:\/\/elideutsch.nuw.rptu.de\/wp-content\/uploads\/2019\/06\/ELI_050_Foto_02-1-150x150.jpg\" alt=\"\" loading=\"lazy\" srcset=\"https:\/\/elideutsch.nuw.rptu.de\/wp-content\/uploads\/2019\/06\/ELI_050_Foto_02-1-150x150.jpg 150w, https:\/\/elideutsch.nuw.rptu.de\/wp-content\/uploads\/2019\/06\/ELI_050_Foto_02-1-100x100.jpg 100w\" sizes=\"auto, (max-width: 150px) 100vw, 150px\" \/>\t\t\t\t\t\t\t\t<\/a><\/p>\n<p><!-- wp:separator --><\/p>\n<p><!-- \/wp:separator --><\/p>\n<p><strong>Es wackelt, aber es r\u00fchrt sich nichts ?<\/strong><br \/>Wie Erdbeben Geb\u00e4ude beeinflussen<\/p>\n<p><a href=\"https:\/\/elideutsch.nuw.rptu.de\/wp-content\/uploads\/2019\/06\/050-eli-Es-wackelt-1.pdf\" target=\"_blank\" rel=\"noopener noreferrer\"><strong>PDF der Idee<\/strong><\/a><\/p>\n<p><!-- \/wp:uagb\/container --><\/p>\n<p>\t\t\t\t\t\t\t\t\t\t\t\t\t\t\t\t<a href=\"https:\/\/elideutsch.nuw.rptu.de\/wp-content\/uploads\/2019\/06\/ELI_052_Foto_02-e1560504910895-1.jpg\" data-elementor-open-lightbox=\"no\"><br \/>\n\t\t\t\t\t\t\t<img decoding=\"async\" width=\"150\" height=\"150\" src=\"https:\/\/elideutsch.nuw.rptu.de\/wp-content\/uploads\/2019\/06\/ELI_052_Foto_02-e1560504910895-1-150x150.jpg\" alt=\"\" loading=\"lazy\" srcset=\"https:\/\/elideutsch.nuw.rptu.de\/wp-content\/uploads\/2019\/06\/ELI_052_Foto_02-e1560504910895-1-150x150.jpg 150w, https:\/\/elideutsch.nuw.rptu.de\/wp-content\/uploads\/2019\/06\/ELI_052_Foto_02-e1560504910895-1-100x100.jpg 100w\" sizes=\"auto, (max-width: 150px) 100vw, 150px\" \/>\t\t\t\t\t\t\t\t<\/a><\/p>\n<p><!-- wp:separator --><\/p>\n<p><!-- \/wp:separator --><\/p>\n<p><strong>Der Ballon geht los am Krakatau?<\/strong><br \/>Mit einem Wasserbeh\u00e4lter und einem Ballon die gigantischen Tsunamis simulieren, die der Ausbruch des Krakatau ausgel\u00f6st hat.<\/p>\n<p><a href=\"https:\/\/elideutsch.nuw.rptu.de\/wp-content\/uploads\/2019\/06\/052-eli-der-Ballon-geht-los-am-Krakatao-1.pdf\" target=\"_blank\" rel=\"noopener noreferrer\"><strong>PDF der Idee<\/strong><\/a><\/p>\n<p><!-- \/wp:uagb\/container --><\/p>\n<p>\t\t\t\t\t\t\t\t\t\t\t\t\t\t\t\t<a href=\"https:\/\/elideutsch.nuw.rptu.de\/wp-content\/uploads\/2020\/02\/ELI_039_Foto_01-1.jpg\" data-elementor-open-lightbox=\"no\"><br \/>\n\t\t\t\t\t\t\t<img decoding=\"async\" width=\"150\" height=\"150\" src=\"https:\/\/elideutsch.nuw.rptu.de\/wp-content\/uploads\/2020\/02\/ELI_039_Foto_01-1-150x150.jpg\" alt=\"\" loading=\"lazy\" srcset=\"https:\/\/elideutsch.nuw.rptu.de\/wp-content\/uploads\/2020\/02\/ELI_039_Foto_01-1-150x150.jpg 150w, https:\/\/elideutsch.nuw.rptu.de\/wp-content\/uploads\/2020\/02\/ELI_039_Foto_01-1-100x100.jpg 100w\" sizes=\"auto, (max-width: 150px) 100vw, 150px\" \/>\t\t\t\t\t\t\t\t<\/a><\/p>\n<p><!-- wp:separator --><\/p>\n<p><!-- \/wp:separator --><\/p>\n<p><strong>Eine Vulkanparty<\/strong><br \/>Wieviel Kraft wird ben\u00f6tigt, um einen &#8222;Partyknaller&#8220;vulkan losgehen zu lassen?<\/p>\n<p><a href=\"https:\/\/elideutsch.nuw.rptu.de\/wp-content\/uploads\/2020\/02\/039-eli-Vulkanparty-1.pdf\" target=\"_blank\" rel=\"noopener noreferrer\"><strong>PDF der Idee<\/strong><\/a><\/p>\n<p><!-- \/wp:uagb\/container --><\/p>\n<p>\t\t\t\t\t\t\t\t\t\t\t\t\t\t\t\t<a href=\"https:\/\/elideutsch.nuw.rptu.de\/wp-content\/uploads\/2021\/12\/ELI_091_Foto_01-1.jpg\" data-elementor-open-lightbox=\"no\"><br \/>\n\t\t\t\t\t\t\t<img decoding=\"async\" width=\"150\" height=\"150\" src=\"https:\/\/elideutsch.nuw.rptu.de\/wp-content\/uploads\/2021\/12\/ELI_091_Foto_01-1-150x150.jpg\" alt=\"\" loading=\"lazy\" srcset=\"https:\/\/elideutsch.nuw.rptu.de\/wp-content\/uploads\/2021\/12\/ELI_091_Foto_01-1-150x150.jpg 150w, https:\/\/elideutsch.nuw.rptu.de\/wp-content\/uploads\/2021\/12\/ELI_091_Foto_01-1-100x100.jpg 100w\" sizes=\"auto, (max-width: 150px) 100vw, 150px\" \/>\t\t\t\t\t\t\t\t<\/a><\/p>\n<p><!-- wp:separator --><\/p>\n<p><!-- \/wp:separator --><\/p>\n<p><strong>Erdbeben-Alarm! K\u00f6nnen wir am Strand liegen bleiben oder m\u00fcssen wir auf einen H\u00fcgel fl\u00fcchten?<\/strong><br \/>Manche Erdbeben verursachen einen Tsunami, andere aber nicht!<\/p>\n<p><a href=\"https:\/\/elideutsch.nuw.rptu.de\/wp-content\/uploads\/2021\/12\/091-eli-Erdbeben-Alarm-1.pdf\" target=\"_blank\" rel=\"noopener noreferrer\"><strong>PDF der Idee<\/strong><\/a><\/p>\n<p><!-- \/wp:uagb\/container --><\/p>\n<p>\t\t\t\t\t\t\t\t\t\t\t\t\t\t\t\t<a href=\"https:\/\/elideutsch.nuw.rptu.de\/wp-content\/uploads\/2021\/12\/ELI_092_Foto_01-1.jpg\" data-elementor-open-lightbox=\"no\"><br \/>\n\t\t\t\t\t\t\t<img decoding=\"async\" width=\"150\" height=\"150\" src=\"https:\/\/elideutsch.nuw.rptu.de\/wp-content\/uploads\/2021\/12\/ELI_092_Foto_01-1-150x150.jpg\" alt=\"\" loading=\"lazy\" srcset=\"https:\/\/elideutsch.nuw.rptu.de\/wp-content\/uploads\/2021\/12\/ELI_092_Foto_01-1-150x150.jpg 150w, https:\/\/elideutsch.nuw.rptu.de\/wp-content\/uploads\/2021\/12\/ELI_092_Foto_01-1-100x100.jpg 100w\" sizes=\"auto, (max-width: 150px) 100vw, 150px\" \/>\t\t\t\t\t\t\t\t<\/a><\/p>\n<p><!-- wp:separator --><\/p>\n<p><!-- \/wp:separator --><\/p>\n<p><strong>Wellen erzeugen &#8211; Ein Sturm in der Teetasse?<\/strong><br \/>Drei Arten, um Wellen in einem Wasserbeh\u00e4ltnis zu erzeugen: Wind, Erdbeben und Aufprallereignisse<\/p>\n<p><a href=\"https:\/\/elideutsch.nuw.rptu.de\/wp-content\/uploads\/2021\/12\/092-eli-Wellen-erzeugen-1.pdf\" target=\"_blank\" rel=\"noopener noreferrer\"><strong>PDF der Idee<\/strong><\/a><\/p>\n<p><!-- \/wp:uagb\/container --><\/p>","protected":false},"excerpt":{"rendered":"<p>Erdbeben &#8211; st\u00fcrzt unser Haus ein?Versuch zur Standfestigkeit von Geb\u00e4uden. Wie verhalten sich Geb\u00e4ude mit verschiedenen Fundamenten im Erdbebenfall. PDF der Idee Wann wird er ausbrechen? &#8211; Eruptionen vorhersagenWie ein einfacher Neigungsmesser die Aufw\u00f6lbung eines Vulkans vor der Eruption anzeigen kann. PDF der Idee Tsunami vor dem Fenster &#8211; was w\u00fcrde man sehen, was w\u00fcrde&hellip;&nbsp;<a href=\"https:\/\/elideutsch.nuw.rptu.de\/?page_id=256\" class=\"\" rel=\"bookmark\">Weiterlesen &raquo;<span class=\"screen-reader-text\">Naturrisiken<\/span><\/a><\/p>\n","protected":false},"author":2,"featured_media":0,"parent":0,"menu_order":0,"comment_status":"closed","ping_status":"closed","template":"","meta":{"neve_meta_sidebar":"","neve_meta_container":"","neve_meta_enable_content_width":"","neve_meta_content_width":0,"neve_meta_title_alignment":"","neve_meta_author_avatar":"","neve_post_elements_order":"","neve_meta_disable_header":"","neve_meta_disable_footer":"","neve_meta_disable_title":"","footnotes":""},"class_list":["post-256","page","type-page","status-publish","hentry"],"_links":{"self":[{"href":"https:\/\/elideutsch.nuw.rptu.de\/index.php?rest_route=\/wp\/v2\/pages\/256","targetHints":{"allow":["GET"]}}],"collection":[{"href":"https:\/\/elideutsch.nuw.rptu.de\/index.php?rest_route=\/wp\/v2\/pages"}],"about":[{"href":"https:\/\/elideutsch.nuw.rptu.de\/index.php?rest_route=\/wp\/v2\/types\/page"}],"author":[{"embeddable":true,"href":"https:\/\/elideutsch.nuw.rptu.de\/index.php?rest_route=\/wp\/v2\/users\/2"}],"replies":[{"embeddable":true,"href":"https:\/\/elideutsch.nuw.rptu.de\/index.php?rest_route=%2Fwp%2Fv2%2Fcomments&post=256"}],"version-history":[{"count":25,"href":"https:\/\/elideutsch.nuw.rptu.de\/index.php?rest_route=\/wp\/v2\/pages\/256\/revisions"}],"predecessor-version":[{"id":2867,"href":"https:\/\/elideutsch.nuw.rptu.de\/index.php?rest_route=\/wp\/v2\/pages\/256\/revisions\/2867"}],"wp:attachment":[{"href":"https:\/\/elideutsch.nuw.rptu.de\/index.php?rest_route=%2Fwp%2Fv2%2Fmedia&parent=256"}],"curies":[{"name":"wp","href":"https:\/\/api.w.org\/{rel}","templated":true}]}}