{"id":84,"date":"2018-08-03T09:09:39","date_gmt":"2018-08-03T07:09:39","guid":{"rendered":"https:\/\/wp.uni-koblenz.de\/elideutsch\/?page_id=84"},"modified":"2023-03-23T13:16:09","modified_gmt":"2023-03-23T12:16:09","slug":"athmosphaere","status":"publish","type":"page","link":"https:\/\/elideutsch.nuw.rptu.de\/?page_id=84","title":{"rendered":"Atmosph\u00e4re"},"content":{"rendered":"\t\t<div data-elementor-type=\"wp-page\" data-elementor-id=\"84\" class=\"elementor elementor-84\">\n\t\t\t\t\t\t\t<div class=\"elementor-element elementor-element-60b11f79 e-flex e-con-boxed e-con\" data-id=\"60b11f79\" data-element_type=\"container\" data-settings=\"{&quot;content_width&quot;:&quot;boxed&quot;}\">\n\t\t\t\t\t<div class=\"e-con-inner\">\n\t\t\t\t<div class=\"elementor-element elementor-element-5a717f54 elementor-widget elementor-widget-image\" data-id=\"5a717f54\" data-element_type=\"widget\" data-widget_type=\"image.default\">\n\t\t\t\t<div class=\"elementor-widget-container\">\n\t\t\t<style>\/*! elementor - v3.15.0 - 20-08-2023 *\/\n.elementor-widget-image{text-align:center}.elementor-widget-image a{display:inline-block}.elementor-widget-image a img[src$=\".svg\"]{width:48px}.elementor-widget-image img{vertical-align:middle;display:inline-block}<\/style>\t\t\t\t\t\t\t\t\t\t\t\t\t<a href=\"https:\/\/elideutsch.nuw.rptu.de\/wp-content\/uploads\/2019\/06\/ELI_017_Foto_03-1.jpg\" data-elementor-open-lightbox=\"no\">\n\t\t\t\t\t\t\t<img loading=\"lazy\" decoding=\"async\" width=\"150\" height=\"150\" src=\"https:\/\/elideutsch.nuw.rptu.de\/wp-content\/uploads\/2019\/06\/ELI_017_Foto_03-1-150x150.jpg\" class=\"attachment-thumbnail size-thumbnail wp-image-657\" alt=\"\" srcset=\"https:\/\/elideutsch.nuw.rptu.de\/wp-content\/uploads\/2019\/06\/ELI_017_Foto_03-1-150x150.jpg 150w, https:\/\/elideutsch.nuw.rptu.de\/wp-content\/uploads\/2019\/06\/ELI_017_Foto_03-1-100x100.jpg 100w\" sizes=\"auto, (max-width: 150px) 100vw, 150px\" \/>\t\t\t\t\t\t\t\t<\/a>\n\t\t\t\t\t\t\t\t\t\t\t\t\t\t\t<\/div>\n\t\t\t\t<\/div>\n\t\t\t\t<div class=\"elementor-element elementor-element-6287888 elementor-widget elementor-widget-text-editor\" data-id=\"6287888\" data-element_type=\"widget\" data-widget_type=\"text-editor.default\">\n\t\t\t\t<div class=\"elementor-widget-container\">\n\t\t\t<style>\/*! elementor - v3.15.0 - 20-08-2023 *\/\n.elementor-widget-text-editor.elementor-drop-cap-view-stacked .elementor-drop-cap{background-color:#69727d;color:#fff}.elementor-widget-text-editor.elementor-drop-cap-view-framed .elementor-drop-cap{color:#69727d;border:3px solid;background-color:transparent}.elementor-widget-text-editor:not(.elementor-drop-cap-view-default) .elementor-drop-cap{margin-top:8px}.elementor-widget-text-editor:not(.elementor-drop-cap-view-default) .elementor-drop-cap-letter{width:1em;height:1em}.elementor-widget-text-editor .elementor-drop-cap{float:left;text-align:center;line-height:1;font-size:50px}.elementor-widget-text-editor .elementor-drop-cap-letter{display:inline-block}<\/style>\t\t\t\t<p><!-- wp:separator --><\/p>\n<p><!-- \/wp:separator --><\/p>\n<p style=\"color: #7a7a7a;\"><strong>Hoch-Str\u00f6men, Herunter-Str\u00f6men?: Atmosph\u00e4re und Ozean in einem Becken<\/strong><br \/>Hei\u00dfe, kalte und teilchengef\u00fcllte Dichtestr\u00f6mungen &#8211; wie sie in Atmosph\u00e4re und Ozean vorkommen &#8230;<\/p>\n<p style=\"color: #7a7a7a;\"><a style=\"--linkdeco: underline;\" href=\"https:\/\/elideutsch.nuw.rptu.de\/wp-content\/uploads\/2019\/06\/017-eli-Atmosphaere-und-Ozean-in-einem-Becken-1.pdf\" target=\"_blank\" rel=\"noopener noreferrer\"><strong>PDF der Idee<\/strong><\/a><\/p>\n<p><!-- \/wp:uagb\/container --><\/p>\t\t\t\t\t\t<\/div>\n\t\t\t\t<\/div>\n\t\t\t\t\t<\/div>\n\t\t\t\t<\/div>\n\t\t<div class=\"elementor-element elementor-element-9f99ef8 e-flex e-con-boxed e-con\" data-id=\"9f99ef8\" data-element_type=\"container\" data-settings=\"{&quot;content_width&quot;:&quot;boxed&quot;}\">\n\t\t\t\t\t<div class=\"e-con-inner\">\n\t\t\t\t\t<\/div>\n\t\t\t\t<\/div>\n\t\t<div class=\"elementor-element elementor-element-597fe166 e-flex e-con-boxed e-con\" data-id=\"597fe166\" data-element_type=\"container\" data-settings=\"{&quot;content_width&quot;:&quot;boxed&quot;}\">\n\t\t\t\t\t<div class=\"e-con-inner\">\n\t\t\t\t<div class=\"elementor-element elementor-element-6d4f0119 elementor-widget elementor-widget-image\" data-id=\"6d4f0119\" data-element_type=\"widget\" data-widget_type=\"image.default\">\n\t\t\t\t<div class=\"elementor-widget-container\">\n\t\t\t\t\t\t\t\t\t\t\t\t\t\t\t\t<a href=\"https:\/\/elideutsch.nuw.rptu.de\/wp-content\/uploads\/2019\/06\/ELI_027_Foto_01-1.jpg\" data-elementor-open-lightbox=\"no\">\n\t\t\t\t\t\t\t<img loading=\"lazy\" decoding=\"async\" width=\"150\" height=\"150\" src=\"https:\/\/elideutsch.nuw.rptu.de\/wp-content\/uploads\/2019\/06\/ELI_027_Foto_01-1-150x150.jpg\" class=\"attachment-thumbnail size-thumbnail wp-image-660\" alt=\"\" srcset=\"https:\/\/elideutsch.nuw.rptu.de\/wp-content\/uploads\/2019\/06\/ELI_027_Foto_01-1-150x150.jpg 150w, https:\/\/elideutsch.nuw.rptu.de\/wp-content\/uploads\/2019\/06\/ELI_027_Foto_01-1-300x300.jpg 300w, https:\/\/elideutsch.nuw.rptu.de\/wp-content\/uploads\/2019\/06\/ELI_027_Foto_01-1-1024x1021.jpg 1024w, https:\/\/elideutsch.nuw.rptu.de\/wp-content\/uploads\/2019\/06\/ELI_027_Foto_01-1-768x766.jpg 768w, https:\/\/elideutsch.nuw.rptu.de\/wp-content\/uploads\/2019\/06\/ELI_027_Foto_01-1-1536x1532.jpg 1536w, https:\/\/elideutsch.nuw.rptu.de\/wp-content\/uploads\/2019\/06\/ELI_027_Foto_01-1-2048x2042.jpg 2048w, https:\/\/elideutsch.nuw.rptu.de\/wp-content\/uploads\/2019\/06\/ELI_027_Foto_01-1-100x100.jpg 100w\" sizes=\"auto, (max-width: 150px) 100vw, 150px\" \/>\t\t\t\t\t\t\t\t<\/a>\n\t\t\t\t\t\t\t\t\t\t\t\t\t\t\t<\/div>\n\t\t\t\t<\/div>\n\t\t\t\t<div class=\"elementor-element elementor-element-232d1a51 elementor-widget elementor-widget-text-editor\" data-id=\"232d1a51\" data-element_type=\"widget\" data-widget_type=\"text-editor.default\">\n\t\t\t\t<div class=\"elementor-widget-container\">\n\t\t\t\t\t\t\t<p><!-- wp:separator --><\/p>\n<p><!-- \/wp:separator --><\/p>\n<p style=\"color: #7a7a7a;\"><strong>Der Kohlenstoffkreislauf aus dem Fenster:<\/strong><br \/>Welche Hinweise findest du f\u00fcr den Kohlenstoffkreislauf, wenn du aus dem Fenster schaust ?<\/p>\n<p style=\"color: #7a7a7a;\"><a style=\"--linkdeco: underline;\" href=\"https:\/\/elideutsch.nuw.rptu.de\/wp-content\/uploads\/2019\/06\/027-eli-Kohlenstoffkreislauf-aus-dem-Fenster-1.pdf\" target=\"_blank\" rel=\"noopener noreferrer\"><strong>PDF der Idee<\/strong><\/a><\/p>\n<p><!-- \/wp:uagb\/container --><\/p>\t\t\t\t\t\t<\/div>\n\t\t\t\t<\/div>\n\t\t\t\t\t<\/div>\n\t\t\t\t<\/div>\n\t\t<div class=\"elementor-element elementor-element-8d6c5c8 e-flex e-con-boxed e-con\" data-id=\"8d6c5c8\" data-element_type=\"container\" data-settings=\"{&quot;content_width&quot;:&quot;boxed&quot;}\">\n\t\t\t\t\t<div class=\"e-con-inner\">\n\t\t\t\t\t<\/div>\n\t\t\t\t<\/div>\n\t\t<div class=\"elementor-element elementor-element-4903819d e-flex e-con-boxed e-con\" data-id=\"4903819d\" data-element_type=\"container\" data-settings=\"{&quot;content_width&quot;:&quot;boxed&quot;}\">\n\t\t\t\t\t<div class=\"e-con-inner\">\n\t\t\t\t<div class=\"elementor-element elementor-element-2440704b elementor-widget elementor-widget-image\" data-id=\"2440704b\" data-element_type=\"widget\" data-widget_type=\"image.default\">\n\t\t\t\t<div class=\"elementor-widget-container\">\n\t\t\t\t\t\t\t\t\t\t\t\t\t\t\t\t<a href=\"https:\/\/elideutsch.nuw.rptu.de\/wp-content\/uploads\/2021\/03\/ELI_044_Foto_002-1.jpg\" data-elementor-open-lightbox=\"no\">\n\t\t\t\t\t\t\t<img loading=\"lazy\" decoding=\"async\" width=\"150\" height=\"150\" src=\"https:\/\/elideutsch.nuw.rptu.de\/wp-content\/uploads\/2021\/03\/ELI_044_Foto_002-1-150x150.jpg\" class=\"attachment-thumbnail size-thumbnail wp-image-1112\" alt=\"\" srcset=\"https:\/\/elideutsch.nuw.rptu.de\/wp-content\/uploads\/2021\/03\/ELI_044_Foto_002-1-150x150.jpg 150w, https:\/\/elideutsch.nuw.rptu.de\/wp-content\/uploads\/2021\/03\/ELI_044_Foto_002-1-100x100.jpg 100w\" sizes=\"auto, (max-width: 150px) 100vw, 150px\" \/>\t\t\t\t\t\t\t\t<\/a>\n\t\t\t\t\t\t\t\t\t\t\t\t\t\t\t<\/div>\n\t\t\t\t<\/div>\n\t\t\t\t<div class=\"elementor-element elementor-element-13aba929 elementor-widget elementor-widget-text-editor\" data-id=\"13aba929\" data-element_type=\"widget\" data-widget_type=\"text-editor.default\">\n\t\t\t\t<div class=\"elementor-widget-container\">\n\t\t\t\t\t\t\t<p><!-- wp:separator --><\/p>\n<p><!-- \/wp:separator --><\/p>\n<p class=\"has-text-align-left\" style=\"color: #7a7a7a;\"><strong>Erdatmosph\u00e4re &#8211; Entstehung Schritt f\u00fcr Schritt<\/strong><br \/>Ein pysikalisches Modell veranschaulicht die Entwicklung unserer atkuellen Atmosph\u00e4re<\/p>\n<p style=\"color: #7a7a7a;\"><a style=\"--linkdeco: underline;\" href=\"https:\/\/elideutsch.nuw.rptu.de\/wp-content\/uploads\/2021\/03\/044-eli-Erdatmosphaere-Entstehung-1.pdf\"><strong>PDF der Idee<\/strong><\/a><\/p>\n<p><!-- \/wp:uagb\/container --><\/p>\t\t\t\t\t\t<\/div>\n\t\t\t\t<\/div>\n\t\t\t\t\t<\/div>\n\t\t\t\t<\/div>\n\t\t\t\t\t\t\t<\/div>\n\t\t","protected":false},"excerpt":{"rendered":"<p>Hoch-Str\u00f6men, Herunter-Str\u00f6men?: Atmosph\u00e4re und Ozean in einem BeckenHei\u00dfe, kalte und teilchengef\u00fcllte Dichtestr\u00f6mungen &#8211; wie sie in Atmosph\u00e4re und Ozean vorkommen &#8230; PDF der Idee Der Kohlenstoffkreislauf aus dem Fenster:Welche Hinweise findest du f\u00fcr den Kohlenstoffkreislauf, wenn du aus dem Fenster schaust ? PDF der Idee Erdatmosph\u00e4re &#8211; Entstehung Schritt f\u00fcr SchrittEin pysikalisches Modell veranschaulicht die&hellip;&nbsp;<a href=\"https:\/\/elideutsch.nuw.rptu.de\/?page_id=84\" class=\"\" rel=\"bookmark\">Weiterlesen &raquo;<span class=\"screen-reader-text\">Atmosph\u00e4re<\/span><\/a><\/p>\n","protected":false},"author":2,"featured_media":0,"parent":0,"menu_order":0,"comment_status":"closed","ping_status":"closed","template":"","meta":{"neve_meta_sidebar":"","neve_meta_container":"","neve_meta_enable_content_width":"","neve_meta_content_width":0,"neve_meta_title_alignment":"","neve_meta_author_avatar":"","neve_post_elements_order":"","neve_meta_disable_header":"","neve_meta_disable_footer":"","neve_meta_disable_title":"","footnotes":""},"class_list":["post-84","page","type-page","status-publish","hentry"],"_links":{"self":[{"href":"https:\/\/elideutsch.nuw.rptu.de\/index.php?rest_route=\/wp\/v2\/pages\/84","targetHints":{"allow":["GET"]}}],"collection":[{"href":"https:\/\/elideutsch.nuw.rptu.de\/index.php?rest_route=\/wp\/v2\/pages"}],"about":[{"href":"https:\/\/elideutsch.nuw.rptu.de\/index.php?rest_route=\/wp\/v2\/types\/page"}],"author":[{"embeddable":true,"href":"https:\/\/elideutsch.nuw.rptu.de\/index.php?rest_route=\/wp\/v2\/users\/2"}],"replies":[{"embeddable":true,"href":"https:\/\/elideutsch.nuw.rptu.de\/index.php?rest_route=%2Fwp%2Fv2%2Fcomments&post=84"}],"version-history":[{"count":41,"href":"https:\/\/elideutsch.nuw.rptu.de\/index.php?rest_route=\/wp\/v2\/pages\/84\/revisions"}],"predecessor-version":[{"id":1642,"href":"https:\/\/elideutsch.nuw.rptu.de\/index.php?rest_route=\/wp\/v2\/pages\/84\/revisions\/1642"}],"wp:attachment":[{"href":"https:\/\/elideutsch.nuw.rptu.de\/index.php?rest_route=%2Fwp%2Fv2%2Fmedia&parent=84"}],"curies":[{"name":"wp","href":"https:\/\/api.w.org\/{rel}","templated":true}]}}